{"id":9205,"date":"2023-05-26T11:31:56","date_gmt":"2023-05-26T09:31:56","guid":{"rendered":"https:\/\/www.devlhon-consulting.com\/?page_id=9205"},"modified":"2026-03-27T11:57:55","modified_gmt":"2026-03-27T10:57:55","slug":"devlhon-advisory-board","status":"publish","type":"page","link":"https:\/\/www.devlhon-consulting.com\/fr\/devlhon-advisory-board\/","title":{"rendered":"Advisory board"},"content":{"rendered":"<p>[vc_row][vc_column width=\u00a0\u00bb1\/3&Prime; css=\u00a0\u00bb.vc_custom_1685093290958{margin-bottom: 60px !important;}\u00a0\u00bb][vc_single_image image=\u00a0\u00bb9215&Prime; img_size=\u00a0\u00bbmedium\u00a0\u00bb alignment=\u00a0\u00bbcenter\u00a0\u00bb css=\u00a0\u00bb.vc_custom_1685090402887{margin-top: 0px !important;margin-right: 0px !important;margin-bottom: 0px !important;margin-left: 0px !important;padding-top: 0px !important;padding-right: 0px !important;padding-bottom: 0px !important;padding-left: 0px !important;}\u00a0\u00bb][vc_row_inner css=\u00a0\u00bb.vc_custom_1685093119091{background-color: #fcfcfc !important;}\u00a0\u00bb el_class=\u00a0\u00bbadvisory-card-bottom\u00a0\u00bb][vc_column_inner]<div class=\"slz-shortcode sc_main_title main-title-105002715069f5a17b70eb8 advisory-card-title  style-1  text-c vc_custom_1685103281916\">\r\n\t<div class=\"slz-main-title\">\r\n\t\t\t\t\t\t\t<h2 class=\"title\">Jean-Michel LATY\t\t\t\t\t\t<\/h2>\r\n\t\t\t\t\t\t\t<div class=\"subtitle\">\r\n\t\t\t\t<span class=\"subtitle-inner\">Ex-DG de la BRED (BPCE), plus de 30 ans d\u2019exp\u00e9rience<\/span>\r\n\t\t\t<\/div>\r\n\t\t\t\t<\/div>\r\n<\/div>\r\n\r\n[vc_toggle title=\u00a0\u00bbD\u00e9tail bio \/ pour en savoir plus\u00a0\u00bb style=\u00a0\u00bbsimple\u00a0\u00bb size=\u00a0\u00bblg\u00a0\u00bb]<\/p>\n<p class=\"p1\">Dipl\u00f4m\u00e9 de <b>Sciences Po<\/b>, Jean-Michel Laty a effectu\u00e9 la quasi-totalit\u00e9 de sa carri\u00e8re \u00e0 la <b>Banque Populaire<\/b>. Il a notamment \u00e9t\u00e9 <b>directeur g\u00e9n\u00e9ral <\/b>de la <b>BRED <\/b>(plus de 6 pays) pendant 10 ans. Il a d\u00e9velopp\u00e9 une forte connaissance du tissu bancaire fran\u00e7ais.<\/p>\n<p>[\/vc_toggle][\/vc_column_inner][\/vc_row_inner][\/vc_column][vc_column width=\u00a0\u00bb1\/3&Prime; css=\u00a0\u00bb.vc_custom_1685093295590{margin-bottom: 60px !important;}\u00a0\u00bb][vc_single_image image=\u00a0\u00bb9826&Prime; img_size=\u00a0\u00bbmedium\u00a0\u00bb alignment=\u00a0\u00bbcenter\u00a0\u00bb css=\u00a0\u00bb.vc_custom_1774607441630{margin-top: 0px !important;margin-right: 0px !important;margin-bottom: 0px !important;margin-left: 0px !important;padding-top: 0px !important;padding-right: 0px !important;padding-bottom: 0px !important;padding-left: 0px !important;}\u00a0\u00bb][vc_row_inner css=\u00a0\u00bb.vc_custom_1685093129411{background-color: #fcfcfc !important;}\u00a0\u00bb el_class=\u00a0\u00bbadvisory-card-bottom\u00a0\u00bb][vc_column_inner]<div class=\"slz-shortcode sc_main_title main-title-51217157769f5a17b70f66 advisory-card-title  style-1  text-c vc_custom_1774607360908\">\r\n\t<div class=\"slz-main-title\">\r\n\t\t\t\t\t\t\t<h2 class=\"title\">Christian Formagne\t\t\t\t\t\t<\/h2>\r\n\t\t\t\t\t\t\t<div class=\"subtitle\">\r\n\t\t\t\t<span class=\"subtitle-inner\">Ex-Directeur Ex\u00e9cutif de Renault Cr\u00e9dit International (RCI Bank)<\/span>\r\n\t\t\t<\/div>\r\n\t\t\t\t<\/div>\r\n<\/div>\r\n\r\n[vc_toggle title=\u00a0\u00bbD\u00e9tail bio \/ pour en savoir plus\u00a0\u00bb style=\u00a0\u00bbsimple\u00a0\u00bb size=\u00a0\u00bblg\u00a0\u00bb]Dipl\u00f4m\u00e9 de l\u2019<strong>ENA<\/strong>, Christian Formagne a travaill\u00e9 avec le\u00a0<strong>Ministre de l\u2019\u00c9conomie et des Finances<\/strong>\u00a0et au\u00a0CEA\u00a0(Commissariat \u00e0 l&rsquo;\u00e9nergie atomique et aux \u00e9nergies alternatives) avant de rejoindre le secteur priv\u00e9. Il a occup\u00e9 des\u00a0postes de direction\u00a0<strong>chez\u00a0Renault Cr\u00e9dit International<\/strong>\u00a0(<strong>RCI Bank and Services<\/strong>) et pour la <strong>banque d\u2019affaires ARJIL<\/strong>. Il intervient en Europe, Moyen-Orient et Afrique.[\/vc_toggle][\/vc_column_inner][\/vc_row_inner][\/vc_column][vc_column width=\u00a0\u00bb1\/3&Prime; css=\u00a0\u00bb.vc_custom_1685093302193{margin-bottom: 60px !important;}\u00a0\u00bb][vc_single_image image=\u00a0\u00bb9218&Prime; img_size=\u00a0\u00bbmedium\u00a0\u00bb alignment=\u00a0\u00bbcenter\u00a0\u00bb css=\u00a0\u00bb.vc_custom_1685090695948{margin-top: 0px !important;margin-right: 0px !important;margin-bottom: 0px !important;margin-left: 0px !important;padding-top: 0px !important;padding-right: 0px !important;padding-bottom: 0px !important;padding-left: 0px !important;}\u00a0\u00bb][vc_row_inner css=\u00a0\u00bb.vc_custom_1685093140489{background-color: #fcfcfc !important;}\u00a0\u00bb el_class=\u00a0\u00bbadvisory-card-bottom\u00a0\u00bb][vc_column_inner]<div class=\"slz-shortcode sc_main_title main-title-149422104669f5a17b70fe8 advisory-card-title  style-1  text-c vc_custom_1774607480500\">\r\n\t<div class=\"slz-main-title\">\r\n\t\t\t\t\t\t\t<h2 class=\"title\">Romain BAURET\t\t\t\t\t\t<\/h2>\r\n\t\t\t\t\t\t\t<div class=\"subtitle\">\r\n\t\t\t\t<span class=\"subtitle-inner\">Ing\u00e9nieur sp\u00e9cialis\u00e9 en strat\u00e9gie d\u2019Innovation, et croissance des entreprises<\/span>\r\n\t\t\t<\/div>\r\n\t\t\t\t<\/div>\r\n<\/div>\r\n\r\n[vc_toggle title=\u00a0\u00bbD\u00e9tail bio \/ pour en savoir plus\u00a0\u00bb style=\u00a0\u00bbsimple\u00a0\u00bb size=\u00a0\u00bblg\u00a0\u00bb]<\/p>\n<p class=\"p1\">Romain Bauret a un profil <b>pluridisciplinaire<\/b>. Dipl\u00f4m\u00e9 des <b>Arts &amp; M\u00e9tiers <\/b>et de <b>l\u2019Essec<\/b>, il a travaill\u00e9 10 ans chez <b>BPI France<\/b> notamment en tant que <b>Responsable Etudes et Produits Deeptech <\/b>et <b>Responsable Zone Afrique.<\/b><\/p>\n<p>[\/vc_toggle][\/vc_column_inner][\/vc_row_inner][\/vc_column][\/vc_row][vc_row][vc_column width=\u00a0\u00bb1\/3&Prime; css=\u00a0\u00bb.vc_custom_1685093307019{margin-bottom: 60px !important;}\u00a0\u00bb][vc_single_image image=\u00a0\u00bb9252&Prime; img_size=\u00a0\u00bbmedium\u00a0\u00bb alignment=\u00a0\u00bbcenter\u00a0\u00bb css=\u00a0\u00bb.vc_custom_1685091619609{margin-top: 0px !important;margin-right: 0px !important;margin-bottom: 0px !important;margin-left: 0px !important;padding-top: 0px !important;padding-right: 0px !important;padding-bottom: 0px !important;padding-left: 0px !important;}\u00a0\u00bb][vc_row_inner css=\u00a0\u00bb.vc_custom_1685093200363{background-color: #fcfcfc !important;}\u00a0\u00bb el_class=\u00a0\u00bbadvisory-card-bottom\u00a0\u00bb][vc_column_inner]<div class=\"slz-shortcode sc_main_title main-title-40896568269f5a17b71063 advisory-card-title  style-1  text-c vc_custom_1685103311831\">\r\n\t<div class=\"slz-main-title\">\r\n\t\t\t\t\t\t\t<h2 class=\"title\">Selena SOUAH\t\t\t\t\t\t<\/h2>\r\n\t\t\t\t\t\t\t<div class=\"subtitle\">\r\n\t\t\t\t<span class=\"subtitle-inner\">Entrepreneure, 20 ans d\u2019exp\u00e9rience (T\u00e9l\u00e9coms)<\/span>\r\n\t\t\t<\/div>\r\n\t\t\t\t<\/div>\r\n<\/div>\r\n\r\n[vc_toggle title=\u00a0\u00bbD\u00e9tail bio \/ pour en savoir plus\u00a0\u00bb style=\u00a0\u00bbsimple\u00a0\u00bb size=\u00a0\u00bblg\u00a0\u00bb]<\/p>\n<p class=\"p1\">Selena Souah est une serial <b>entrepreneure<\/b>, elle a notamment fond\u00e9 un <b>op\u00e9rateur t\u00e9l\u00e9phonique <\/b>(MVNO)<b> au Rwanda<\/b>, fond\u00e9 <b>Regcard<\/b> (une solution digitale de check-in), et co-fond\u00e9 un r\u00e9seau social sp\u00e9cialis\u00e9 dans le secteur de <b>l\u2019\u00e9ducation<\/b>. Elle est membre du sommet \u00ab\u00a0Women in tech\u00a0\u00bb soutenu par l\u2019Etat fran\u00e7ais. Selena Souah est dipl\u00f4m\u00e9e d\u2019<b>ISC Paris <\/b>et des <b>Maisons d\u2019\u00e9ducation de la L\u00e9gion d\u2019honneur.<\/b><\/p>\n<p>[\/vc_toggle][\/vc_column_inner][\/vc_row_inner][\/vc_column][vc_column width=\u00a0\u00bb1\/3&Prime; css=\u00a0\u00bb.vc_custom_1685093312152{margin-bottom: 60px !important;}\u00a0\u00bb][vc_single_image image=\u00a0\u00bb9250&Prime; img_size=\u00a0\u00bbmedium\u00a0\u00bb alignment=\u00a0\u00bbcenter\u00a0\u00bb css=\u00a0\u00bb.vc_custom_1685091627936{margin-top: 0px !important;margin-right: 0px !important;margin-bottom: 0px !important;margin-left: 0px !important;padding-top: 0px !important;padding-right: 0px !important;padding-bottom: 0px !important;padding-left: 0px !important;}\u00a0\u00bb][vc_row_inner css=\u00a0\u00bb.vc_custom_1685093206619{background-color: #fcfcfc !important;}\u00a0\u00bb el_class=\u00a0\u00bbadvisory-card-bottom\u00a0\u00bb][vc_column_inner]<div class=\"slz-shortcode sc_main_title main-title-205484069369f5a17b710d9 advisory-card-title  style-1  text-c vc_custom_1685103329762\">\r\n\t<div class=\"slz-main-title\">\r\n\t\t\t\t\t\t\t<h2 class=\"title\">Guillaume DEMEINEX\t\t\t\t\t\t<\/h2>\r\n\t\t\t\t\t\t\t<div class=\"subtitle\">\r\n\t\t\t\t<span class=\"subtitle-inner\">Manager chez DEVLHON Consulting<\/span>\r\n\t\t\t<\/div>\r\n\t\t\t\t<\/div>\r\n<\/div>\r\n\r\n[vc_toggle title=\u00a0\u00bbD\u00e9tail bio \/ pour en savoir plus\u00a0\u00bb style=\u00a0\u00bbsimple\u00a0\u00bb size=\u00a0\u00bblg\u00a0\u00bb]<\/p>\n<p class=\"p1\">Avec un dipl\u00f4me d\u2019ing\u00e9nieur \u00e0 l\u2019ISEP et un master en finance \u00e0 l\u2019ESCP, Guillaume Demeneix a gravi tous les \u00e9chelons chez DEVLHON Consulting avant de devenir Manager.<\/p>\n<p>[\/vc_toggle][\/vc_column_inner][\/vc_row_inner][\/vc_column][vc_column width=\u00a0\u00bb1\/3&Prime; css=\u00a0\u00bb.vc_custom_1685093323330{margin-bottom: 60px !important;}\u00a0\u00bb][vc_single_image image=\u00a0\u00bb9251&Prime; img_size=\u00a0\u00bbmedium\u00a0\u00bb alignment=\u00a0\u00bbcenter\u00a0\u00bb css=\u00a0\u00bb.vc_custom_1685091637047{margin-top: 0px !important;margin-right: 0px !important;margin-bottom: 0px !important;margin-left: 0px !important;padding-top: 0px !important;padding-right: 0px !important;padding-bottom: 0px !important;padding-left: 0px !important;}\u00a0\u00bb][vc_row_inner css=\u00a0\u00bb.vc_custom_1685093213719{background-color: #fcfcfc !important;}\u00a0\u00bb el_class=\u00a0\u00bbadvisory-card-bottom\u00a0\u00bb][vc_column_inner]<div class=\"slz-shortcode sc_main_title main-title-21757178169f5a17b71153 advisory-card-title  style-1  text-c vc_custom_1685103357110\">\r\n\t<div class=\"slz-main-title\">\r\n\t\t\t\t\t\t\t<h2 class=\"title\">Patrick VERNET\t\t\t\t\t\t<\/h2>\r\n\t\t\t\t\t\t\t<div class=\"subtitle\">\r\n\t\t\t\t<span class=\"subtitle-inner\">Senior Manager chez DEVLHON Consulting, 15 ans de direction<\/span>\r\n\t\t\t<\/div>\r\n\t\t\t\t<\/div>\r\n<\/div>\r\n\r\n[vc_toggle title=\u00a0\u00bbD\u00e9tail bio \/ pour en savoir plus\u00a0\u00bb style=\u00a0\u00bbsimple\u00a0\u00bb size=\u00a0\u00bblg\u00a0\u00bb]<\/p>\n<p class=\"p1\">Patrick Vernet a occup\u00e9 diff\u00e9rents postes au sein de la Soci\u00e9t\u00e9 G\u00e9n\u00e9rale, notamment Directeur G\u00e9n\u00e9ral de filiales au S\u00e9n\u00e9gal, en C\u00f4te d\u2019Ivoire et en Mauritanie. Il est aujourd\u2019hui Manager Senior et COO chez DEVLHON Consulting.<\/p>\n<p>[\/vc_toggle][\/vc_column_inner][\/vc_row_inner][\/vc_column][\/vc_row][vc_row][vc_column width=\u00a0\u00bb1\/3&Prime; css=\u00a0\u00bb.vc_custom_1685090414271{margin-bottom: 60px !important;}\u00a0\u00bb][vc_single_image image=\u00a0\u00bb9254&Prime; img_size=\u00a0\u00bbmedium\u00a0\u00bb alignment=\u00a0\u00bbcenter\u00a0\u00bb css=\u00a0\u00bb.vc_custom_1685091809717{margin-top: 0px !important;margin-right: 0px !important;margin-bottom: 0px !important;margin-left: 0px !important;padding-top: 0px !important;padding-right: 0px !important;padding-bottom: 0px !important;padding-left: 0px !important;}\u00a0\u00bb][vc_row_inner css=\u00a0\u00bb.vc_custom_1685093224182{background-color: #fcfcfc !important;}\u00a0\u00bb el_class=\u00a0\u00bbadvisory-card-bottom\u00a0\u00bb][vc_column_inner]<div class=\"slz-shortcode sc_main_title main-title-106559223969f5a17b711c9 advisory-card-title  style-1  text-c vc_custom_1685103376447\">\r\n\t<div class=\"slz-main-title\">\r\n\t\t\t\t\t\t\t<h2 class=\"title\">Yoann LHONNEUR\t\t\t\t\t\t<\/h2>\r\n\t\t\t\t\t\t\t<div class=\"subtitle\">\r\n\t\t\t\t<span class=\"subtitle-inner\">Fondateur de DEVLHON Consulting, 2010<\/span>\r\n\t\t\t<\/div>\r\n\t\t\t\t<\/div>\r\n<\/div>\r\n\r\n[vc_toggle title=\u00a0\u00bbD\u00e9tail bio \/ pour en savoir plus\u00a0\u00bb style=\u00a0\u00bbsimple\u00a0\u00bb size=\u00a0\u00bblg\u00a0\u00bb]<\/p>\n<p class=\"p1\">Yoann Lhonneur a obtenu un Master en \u00ab\u00a0Strategic Management in Banking\u00a0\u00bb de l\u2019<b>INSEAD<\/b>, un MBA de l\u2019Universit\u00e9 de Reading (UK) et un certificat de la CISI en Corporate Finance. Il a occup\u00e9 des positions manag\u00e9riales chez <b>KPMG<\/b> et <b>SOPRA NEXT <\/b>avant de<b> <\/b>diriger<b> <\/b>DEVLHON<b> <\/b>Consulting. Il a <b>fond\u00e9 DEVLHON Consulting <\/b>en 2010 et a acquis un r\u00e9el <b>savoir-faire<\/b> dans les m\u00e9tiers de la <b>finance<\/b>, de l\u2019<b>industrie<\/b> et des <b>semi-conducteurs<\/b>.<\/p>\n<p>[\/vc_toggle][\/vc_column_inner][\/vc_row_inner][\/vc_column][vc_column width=\u00a0\u00bb1\/3&Prime; css=\u00a0\u00bb.vc_custom_1685093333046{margin-bottom: 60px !important;}\u00a0\u00bb][vc_single_image image=\u00a0\u00bb9216&Prime; img_size=\u00a0\u00bbmedium\u00a0\u00bb alignment=\u00a0\u00bbcenter\u00a0\u00bb css=\u00a0\u00bb.vc_custom_1685091899381{margin-top: 0px !important;margin-right: 0px !important;margin-bottom: 0px !important;margin-left: 0px !important;padding-top: 0px !important;padding-right: 0px !important;padding-bottom: 0px !important;padding-left: 0px !important;}\u00a0\u00bb][vc_row_inner css=\u00a0\u00bb.vc_custom_1685093239773{background-color: #fcfcfc !important;}\u00a0\u00bb el_class=\u00a0\u00bbadvisory-card-bottom\u00a0\u00bb][vc_column_inner]<div class=\"slz-shortcode sc_main_title main-title-11602873169f5a17b7123e advisory-card-title  style-1  text-c vc_custom_1685103396737\">\r\n\t<div class=\"slz-main-title\">\r\n\t\t\t\t\t\t\t<h2 class=\"title\">Jean-Pierre ROCHETTE\t\t\t\t\t\t<\/h2>\r\n\t\t\t\t\t\t\t<div class=\"subtitle\">\r\n\t\t\t\t<span class=\"subtitle-inner\">Ex-DG de la BPE (Louvre Banque Priv\u00e9e, filiale de la Banque Postale), de CMP Banque SOVAC<\/span>\r\n\t\t\t<\/div>\r\n\t\t\t\t<\/div>\r\n<\/div>\r\n\r\n[vc_toggle title=\u00a0\u00bbD\u00e9tail bio \/ pour en savoir plus\u00a0\u00bb style=\u00a0\u00bbsimple\u00a0\u00bb size=\u00a0\u00bblg\u00a0\u00bb]<\/p>\n<p class=\"p1\">Jean-Pierre Rochette est dipl\u00f4m\u00e9 de Sciences Po Paris et a obtenu un DEA en droit. <b>Ex-Directeur G\u00e9n\u00e9ral <\/b>de <b>Sovac<\/b>, de la <b>BPE <\/b>et du <b>Cr\u00e9dit Mutuel de Paris<\/b>, il a plus de 30 ans d\u2019exp\u00e9rience dans le milieu bancaire<b>. <\/b>Jean Pierre a \u00e9galement \u00e9t\u00e9 Juge au <b>Tribunal de Commerce de Paris <\/b>pendant 6 ans<b>.<\/b><\/p>\n<p>[\/vc_toggle][\/vc_column_inner][\/vc_row_inner][\/vc_column][vc_column width=\u00a0\u00bb1\/3&Prime; css=\u00a0\u00bb.vc_custom_1685093338519{margin-bottom: 60px !important;}\u00a0\u00bb][vc_single_image image=\u00a0\u00bb9212&Prime; img_size=\u00a0\u00bbmedium\u00a0\u00bb alignment=\u00a0\u00bbcenter\u00a0\u00bb css=\u00a0\u00bb.vc_custom_1685091945262{margin-top: 0px !important;margin-right: 0px !important;margin-bottom: 0px !important;margin-left: 0px !important;padding-top: 0px !important;padding-right: 0px !important;padding-bottom: 0px !important;padding-left: 0px !important;}\u00a0\u00bb][vc_row_inner css=\u00a0\u00bb.vc_custom_1685093245101{background-color: #fcfcfc !important;}\u00a0\u00bb el_class=\u00a0\u00bbadvisory-card-bottom\u00a0\u00bb][vc_column_inner]<div class=\"slz-shortcode sc_main_title main-title-170464283869f5a17b712b4 advisory-card-title  style-1  text-c vc_custom_1685103416513\">\r\n\t<div class=\"slz-main-title\">\r\n\t\t\t\t\t\t\t<h2 class=\"title\">Frank POULON\t\t\t\t\t\t<\/h2>\r\n\t\t\t\t\t\t\t<div class=\"subtitle\">\r\n\t\t\t\t<span class=\"subtitle-inner\">Ex-Banquier, Dirigeant, 25 ans d\u2019exp\u00e9riences<\/span>\r\n\t\t\t<\/div>\r\n\t\t\t\t<\/div>\r\n<\/div>\r\n\r\n[vc_toggle title=\u00a0\u00bbD\u00e9tail bio \/ pour en savoir plus\u00a0\u00bb style=\u00a0\u00bbsimple\u00a0\u00bb size=\u00a0\u00bblg\u00a0\u00bb]<\/p>\n<p class=\"p1\">Ex-Banquier \u00e0 l\u2019international et ex-Dirigeant d\u2019une soci\u00e9t\u00e9 de Marketing \/ BI, Frank Poulon a accumul\u00e9 des connaissances tant en Corporate que dans le milieu de la banque. Il est ing\u00e9nieur, dipl\u00f4m\u00e9 de l\u2019EFREI<\/p>\n<p>[\/vc_toggle][\/vc_column_inner][\/vc_row_inner][\/vc_column][\/vc_row][vc_row][vc_column width=\u00a0\u00bb1\/3&Prime; css=\u00a0\u00bb.vc_custom_1685093342896{margin-bottom: 60px !important;}\u00a0\u00bb][vc_single_image image=\u00a0\u00bb9217&Prime; img_size=\u00a0\u00bbmedium\u00a0\u00bb alignment=\u00a0\u00bbcenter\u00a0\u00bb css=\u00a0\u00bb.vc_custom_1685092041506{margin-top: 0px !important;margin-right: 0px !important;margin-bottom: 0px !important;margin-left: 0px !important;padding-top: 0px !important;padding-right: 0px !important;padding-bottom: 0px !important;padding-left: 0px !important;}\u00a0\u00bb][vc_row_inner css=\u00a0\u00bb.vc_custom_1685093233877{background-color: #fcfcfc !important;}\u00a0\u00bb el_class=\u00a0\u00bbadvisory-card-bottom\u00a0\u00bb][vc_column_inner]<div class=\"slz-shortcode sc_main_title main-title-169005268069f5a17b71323 advisory-card-title  style-1  text-c vc_custom_1685103439013\">\r\n\t<div class=\"slz-main-title\">\r\n\t\t\t\t\t\t\t<h2 class=\"title\">Robert PICAREL\t\t\t\t\t\t<\/h2>\r\n\t\t\t\t\t\t\t<div class=\"subtitle\">\r\n\t\t\t\t<span class=\"subtitle-inner\">Cofondateur et Pr\u00e9sident de Velvet Consulting, Pr\u00e9sident du fonds TNBT Capital<\/span>\r\n\t\t\t<\/div>\r\n\t\t\t\t<\/div>\r\n<\/div>\r\n\r\n[vc_toggle title=\u00a0\u00bbD\u00e9tail bio \/ pour en savoir plus\u00a0\u00bb style=\u00a0\u00bbsimple\u00a0\u00bb size=\u00a0\u00bblg\u00a0\u00bb]<\/p>\n<p class=\"p1\">Ancien <b>Manager<\/b> chez <b>Capgemini <\/b>et consultant chez <b>Nielsen<\/b>, Robert Picarel a fond\u00e9 <b>Velvet Consulting <\/b>en 2004, cabinet leader d\u2019<b>accompagnement des entreprises<\/b> dans leur orientation client data\/markets <span class=\"s1\">(25 M\u20ac de CA)<\/span>. Robert Picarel a vendu Velvet Consulting \u00e0 WPP en 2020. Depuis 2015, il a contribu\u00e9 \u00e0 plusieurs fonds de Private Equity. Il a obtenu un dipl\u00f4me d\u2019ing\u00e9nieur \u00e0 CYTech.<\/p>\n<p>[\/vc_toggle][\/vc_column_inner][\/vc_row_inner][\/vc_column][vc_column width=\u00a0\u00bb1\/3&Prime; css=\u00a0\u00bb.vc_custom_1685093347051{margin-bottom: 60px !important;}\u00a0\u00bb][vc_single_image image=\u00a0\u00bb9258&Prime; img_size=\u00a0\u00bbmedium\u00a0\u00bb alignment=\u00a0\u00bbcenter\u00a0\u00bb css=\u00a0\u00bb.vc_custom_1774608275634{margin-top: 0px !important;margin-right: 0px !important;margin-bottom: 0px !important;margin-left: 0px !important;padding-top: 0px !important;padding-right: 0px !important;padding-bottom: 0px !important;padding-left: 0px !important;}\u00a0\u00bb][vc_row_inner css=\u00a0\u00bb.vc_custom_1685093257782{background-color: #fcfcfc !important;}\u00a0\u00bb el_class=\u00a0\u00bbadvisory-card-bottom\u00a0\u00bb][vc_column_inner]<div class=\"slz-shortcode sc_main_title main-title-99814164969f5a17b71395 advisory-card-title  style-1  text-c vc_custom_1774608094557\">\r\n\t<div class=\"slz-main-title\">\r\n\t\t\t\t\t\t\t<h2 class=\"title\">Minlibe Amos KONLAMBIGUE\t\t\t\t\t\t<\/h2>\r\n\t\t\t\t\t\t\t<div class=\"subtitle\">\r\n\t\t\t\t<span class=\"subtitle-inner\">DG TMoney et ex-Ecobank<\/span>\r\n\t\t\t<\/div>\r\n\t\t\t\t<\/div>\r\n<\/div>\r\n\r\n[vc_toggle title=\u00a0\u00bbD\u00e9tail bio \/ pour en savoir plus\u00a0\u00bb style=\u00a0\u00bbsimple\u00a0\u00bb size=\u00a0\u00bblg\u00a0\u00bb]Apr\u00e8s un Master d\u2019<strong>Ing\u00e9nierie Financi\u00e8re \u00e0 l\u2019Ecole de Management de Strasbourg<\/strong>, Minlibe Amos Konlambigue a occup\u00e9 des\u00a0postes de direction<strong>\u00a0<\/strong>chez<strong>\u00a0Ecobank et Orabank (Directeur de la Banque Digitale du Groupe, Directeur Mon\u00e9tique \u2026), <\/strong>puis a rejoint<strong>\u00a0TMoney, acteur du\u00a0Mobile Banking<\/strong>, en tant que\u00a0<strong>Directeur G\u00e9n\u00e9ral pays<\/strong>. Il a \u00e9t\u00e9 \u00e9galement responsable de l\u2019<strong>Innovation et des Services Transactionnels chez\u00a0Axian\u00a0Group (15 pays) et\u00a0Conseiller sp\u00e9cial\u00a0de la\u00a0Ministre du digital\u00a0au Togo.<\/strong>[\/vc_toggle][\/vc_column_inner][\/vc_row_inner][\/vc_column][vc_column width=\u00a0\u00bb1\/3&Prime; css=\u00a0\u00bb.vc_custom_1685093351959{margin-bottom: 60px !important;}\u00a0\u00bb][vc_single_image image=\u00a0\u00bb9210&Prime; img_size=\u00a0\u00bbmedium\u00a0\u00bb alignment=\u00a0\u00bbcenter\u00a0\u00bb css=\u00a0\u00bb.vc_custom_1685092160856{margin-top: 0px !important;margin-right: 0px !important;margin-bottom: 0px !important;margin-left: 0px !important;padding-top: 0px !important;padding-right: 0px !important;padding-bottom: 0px !important;padding-left: 0px !important;}\u00a0\u00bb][vc_row_inner css=\u00a0\u00bb.vc_custom_1685093263028{background-color: #fcfcfc !important;}\u00a0\u00bb el_class=\u00a0\u00bbadvisory-card-bottom\u00a0\u00bb][vc_column_inner]<div class=\"slz-shortcode sc_main_title main-title-18699720869f5a17b71407 advisory-card-title  style-1  text-c vc_custom_1685103471373\">\r\n\t<div class=\"slz-main-title\">\r\n\t\t\t\t\t\t\t<h2 class=\"title\">Dalia WAHBA\t\t\t\t\t\t<\/h2>\r\n\t\t\t\t\t\t\t<div class=\"subtitle\">\r\n\t\t\t\t<span class=\"subtitle-inner\">Directrice G\u00e9n\u00e9rale de CID Consulting, Le Caire (40 consultants)<\/span>\r\n\t\t\t<\/div>\r\n\t\t\t\t<\/div>\r\n<\/div>\r\n\r\n[vc_toggle title=\u00a0\u00bbD\u00e9tail bio \/ pour en savoir plus\u00a0\u00bb style=\u00a0\u00bbsimple\u00a0\u00bb size=\u00a0\u00bblg\u00a0\u00bb]<\/p>\n<p class=\"p1\">Dalia Wahba est la <b>directrice<\/b> <b>g\u00e9n\u00e9rale<\/b> de <b>CID Consulting<\/b>, un cabinet de <b>conseil en organisation <\/b>\u00e9gyptien qu\u2019elle a fond\u00e9 il y a 25 ans. Elle est dipl\u00f4m\u00e9e d\u2019<b>HEC,<\/b> de l\u2019universit\u00e9 de <b>Stanford, <\/b>et a plus de <b>20 ans d\u2019exp\u00e9rience<\/b> dans le <b>conseil<\/b> \u00e0 l\u2019international. Elle intervient r\u00e9guli\u00e8rement au Moyen-Orient.<\/p>\n<p>[\/vc_toggle][\/vc_column_inner][\/vc_row_inner][\/vc_column][\/vc_row][vc_row][vc_column width=\u00a0\u00bb1\/3&Prime; css=\u00a0\u00bb.vc_custom_1685093355835{margin-bottom: 60px !important;}\u00a0\u00bb][vc_single_image image=\u00a0\u00bb9207&Prime; img_size=\u00a0\u00bbmedium\u00a0\u00bb alignment=\u00a0\u00bbcenter\u00a0\u00bb css=\u00a0\u00bb.vc_custom_1685092256873{margin-top: 0px !important;margin-right: 0px !important;margin-bottom: 0px !important;margin-left: 0px !important;padding-top: 0px !important;padding-right: 0px !important;padding-bottom: 0px !important;padding-left: 0px !important;}\u00a0\u00bb][vc_row_inner css=\u00a0\u00bb.vc_custom_1685093269799{background-color: #fcfcfc !important;}\u00a0\u00bb el_class=\u00a0\u00bbadvisory-card-bottom\u00a0\u00bb][vc_column_inner]<div class=\"slz-shortcode sc_main_title main-title-214118282969f5a17b71473 advisory-card-title  style-1  text-c vc_custom_1685103490516\">\r\n\t<div class=\"slz-main-title\">\r\n\t\t\t\t\t\t\t<h2 class=\"title\">Adel MALLAWI\t\t\t\t\t\t<\/h2>\r\n\t\t\t\t\t\t\t<div class=\"subtitle\">\r\n\t\t\t\t<span class=\"subtitle-inner\">Ex-DAF et Chief Investment Officer \u00e0 la Saudi Fransi Banque (Arabie Saoudite)<\/span>\r\n\t\t\t<\/div>\r\n\t\t\t\t<\/div>\r\n<\/div>\r\n\r\n[vc_toggle title=\u00a0\u00bbD\u00e9tail bio \/ pour en savoir plus\u00a0\u00bb style=\u00a0\u00bbsimple\u00a0\u00bb size=\u00a0\u00bblg\u00a0\u00bb]<\/p>\n<p class=\"p1\">Ancien dirigeant de la <b>Saudi Fransi Banque<\/b>, Adel Mallawi a notamment occup\u00e9 les postes de <b>DAF<\/b>, <b>Chief Investment Officer <\/b>et <b>Responsable Global Markets<\/b>. Il poss\u00e8de une excellente connaissance du tissu<b> bancaire, tertiaire et industriel <\/b>du <b>Moyen-Orient<\/b>. Adel Mallawi est administrateur certifi\u00e9 et est nomm\u00e9 dans plusieurs <b>conseils d\u2019administration<\/b> (capital risque, audit, fonds\u2026). Il est dipl\u00f4m\u00e9 de <b>l\u2019INSEAD<\/b> et a obtenu un MBA \u00e0 Liverpool.<\/p>\n<p>[\/vc_toggle][\/vc_column_inner][\/vc_row_inner][\/vc_column][\/vc_row]<\/p>","protected":false},"excerpt":{"rendered":"<p>[vc_row][vc_column width=\u00a0\u00bb1\/3&Prime; css=\u00a0\u00bb.vc_custom_1685093290958{margin-bottom: 60px !important;}\u00a0\u00bb][vc_single_image image=\u00a0\u00bb9215&Prime; img_size=\u00a0\u00bbmedium\u00a0\u00bb alignment=\u00a0\u00bbcenter\u00a0\u00bb css=\u00a0\u00bb.vc_custom_1685090402887{margin-top: 0px !important;margin-right: 0px !important;margin-bottom: 0px !important;margin-left: 0px !important;padding-top: 0px !important;padding-right: 0px !important;padding-bottom: 0px !important;padding-left: 0px !important;}\u00a0\u00bb][vc_row_inner css=\u00a0\u00bb.vc_custom_1685093119091{background-color: #fcfcfc !important;}\u00a0\u00bb el_class=\u00a0\u00bbadvisory-card-bottom\u00a0\u00bb][vc_column_inner][vc_toggle title=\u00a0\u00bbD\u00e9tail bio \/ pour en savoir plus\u00a0\u00bb style=\u00a0\u00bbsimple\u00a0\u00bb size=\u00a0\u00bblg\u00a0\u00bb] Dipl\u00f4m\u00e9 de Sciences Po, Jean-Michel Laty a effectu\u00e9 la quasi-totalit\u00e9 de sa carri\u00e8re \u00e0 la Banque Populaire. [&hellip;]<\/p>\n","protected":false},"author":6,"featured_media":0,"parent":0,"menu_order":0,"comment_status":"closed","ping_status":"closed","template":"","meta":{"seo_booster_metabox":"","footnotes":""},"class_list":["post-9205","page","type-page","status-publish","hentry"],"_links":{"self":[{"href":"https:\/\/www.devlhon-consulting.com\/fr\/wp-json\/wp\/v2\/pages\/9205","targetHints":{"allow":["GET"]}}],"collection":[{"href":"https:\/\/www.devlhon-consulting.com\/fr\/wp-json\/wp\/v2\/pages"}],"about":[{"href":"https:\/\/www.devlhon-consulting.com\/fr\/wp-json\/wp\/v2\/types\/page"}],"author":[{"embeddable":true,"href":"https:\/\/www.devlhon-consulting.com\/fr\/wp-json\/wp\/v2\/users\/6"}],"replies":[{"embeddable":true,"href":"https:\/\/www.devlhon-consulting.com\/fr\/wp-json\/wp\/v2\/comments?post=9205"}],"version-history":[{"count":55,"href":"https:\/\/www.devlhon-consulting.com\/fr\/wp-json\/wp\/v2\/pages\/9205\/revisions"}],"predecessor-version":[{"id":9830,"href":"https:\/\/www.devlhon-consulting.com\/fr\/wp-json\/wp\/v2\/pages\/9205\/revisions\/9830"}],"wp:attachment":[{"href":"https:\/\/www.devlhon-consulting.com\/fr\/wp-json\/wp\/v2\/media?parent=9205"}],"curies":[{"name":"wp","href":"https:\/\/api.w.org\/{rel}","templated":true}]}}